{"id":79,"date":"2016-04-20T21:15:11","date_gmt":"2016-04-20T21:15:11","guid":{"rendered":"http:\/\/www.virtusetlabor.it\/?page_id=79"},"modified":"2025-09-01T13:13:05","modified_gmt":"2025-09-01T11:13:05","slug":"infocorsi","status":"publish","type":"page","link":"https:\/\/www.virtusetlabor.it\/index.php\/infocorsi\/","title":{"rendered":"Info Corsi"},"content":{"rendered":"<h2 class=\"\" data-start=\"146\" data-end=\"162\">BABY GYM<\/h2>\n<p class=\"\" data-start=\"163\" data-end=\"558\"><strong data-start=\"163\" data-end=\"171\">Et\u00e0:<\/strong> 3-4 anni<br \/>\n<strong data-start=\"183\" data-end=\"199\">Descrizione:<\/strong><br \/>\nCorso ludico-motorio per lo sviluppo delle abilit\u00e0 di base: corsa, salto, rotolamenti, equilibrio e coordinazione oculo-manuale. Attivit\u00e0 con attrezzi della ginnastica artistica (trave, trampolino, tappetini, ecc.). Importante la relazione con coetanei e adulti in un ambiente giocoso e strutturato.<br \/>\n<strong data-start=\"504\" data-end=\"513\">Note:<\/strong> Corso a numero chiuso.<br \/>\n<strong data-start=\"539\" data-end=\"556\">Sedi e orari:<\/strong><\/p>\n<ul data-start=\"559\" data-end=\"805\">\n<li class=\"\" data-start=\"559\" data-end=\"675\">\n<p class=\"\" data-start=\"561\" data-end=\"603\"><strong data-start=\"561\" data-end=\"578\">Baby Gym Red monosettimanale :<\/strong> Mercoled\u00ec, 17:00\u201318:00<\/p>\n<ul data-start=\"606\" data-end=\"675\">\n<li class=\"\" data-start=\"606\" data-end=\"675\">\n<p class=\"\" data-start=\"608\" data-end=\"675\"><em data-start=\"608\" data-end=\"673\">Palestra Istituto Vincenzo Benini \u2013 Via Giardino, 2 \u2013 Melegnano<\/em><\/p>\n<\/li>\n<\/ul>\n<\/li>\n<li class=\"\" data-start=\"676\" data-end=\"805\">\n<p class=\"\" data-start=\"678\" data-end=\"730\"><strong data-start=\"678\" data-end=\"697\">Baby Gym Green bisettimanale:<\/strong> Marted\u00ec e Gioved\u00ec, 17:00\u201318:00<\/p>\n<ul data-start=\"733\" data-end=\"805\">\n<li class=\"\" data-start=\"733\" data-end=\"805\">\n<p class=\"\" data-start=\"735\" data-end=\"805\"><em data-start=\"735\" data-end=\"805\">Palestra Istituto Giuseppe Dezza \u2013 Via Luigi Cadorna, 25 \u2013 Melegnano<\/em><\/p>\n<\/li>\n<\/ul>\n<\/li>\n<\/ul>\n<hr class=\"\" data-start=\"807\" data-end=\"810\" \/>\n<h2 class=\"\" data-start=\"812\" data-end=\"849\">GINNASTICA RITMICA \u2013 1\u00b0 CORSO<\/h2>\n<p class=\"\" data-start=\"850\" data-end=\"1037\"><strong data-start=\"850\" data-end=\"858\">Et\u00e0:<\/strong> 5-8 anni<br \/>\n<strong data-start=\"870\" data-end=\"886\">Descrizione:<\/strong><br \/>\nDisciplina che unisce elementi della ginnastica artistica e danza, con utilizzo di attrezzi (fune, cerchio, palla, clavette, nastro).<br \/>\n<strong data-start=\"1025\" data-end=\"1035\">Orari:<\/strong><\/p>\n<ul data-start=\"1038\" data-end=\"1153\">\n<li class=\"\" data-start=\"1038\" data-end=\"1062\">\n<p class=\"\" data-start=\"1040\" data-end=\"1062\">Marted\u00ec, 17:30\u201318:30<\/p>\n<\/li>\n<li class=\"\" data-start=\"1063\" data-end=\"1153\">\n<p class=\"\" data-start=\"1065\" data-end=\"1153\">Venerd\u00ec, 17:00\u201318:00<br \/>\n<em data-start=\"1088\" data-end=\"1153\">Palestra Istituto Vincenzo Benini \u2013 Via Giardino, 2 \u2013 Melegnano<\/em><\/p>\n<\/li>\n<\/ul>\n<hr class=\"\" data-start=\"1155\" data-end=\"1158\" \/>\n<h2 class=\"\" data-start=\"1160\" data-end=\"1197\">GINNASTICA RITMICA \u2013 2\u00b0 CORSO<\/h2>\n<p class=\"\" data-start=\"1198\" data-end=\"1368\"><strong data-start=\"1198\" data-end=\"1206\">Et\u00e0:<\/strong> 9-16 anni<br \/>\n<strong data-start=\"1219\" data-end=\"1235\">Descrizione:<\/strong><br \/>\nCorso avanzato di ginnastica ritmica con uso di attrezzi e lavoro su precisione, coordinazione e lavoro di squadra.<br \/>\n<strong data-start=\"1356\" data-end=\"1366\">Orari:<\/strong><\/p>\n<ul data-start=\"1369\" data-end=\"1484\">\n<li class=\"\" data-start=\"1369\" data-end=\"1393\">\n<p class=\"\" data-start=\"1371\" data-end=\"1393\">Marted\u00ec, 18:30\u201319:30<\/p>\n<\/li>\n<li class=\"\" data-start=\"1394\" data-end=\"1484\">\n<p class=\"\" data-start=\"1396\" data-end=\"1484\">Venerd\u00ec, 18:00\u201319:00<br \/>\n<em data-start=\"1419\" data-end=\"1484\">Palestra Istituto Vincenzo Benini \u2013 Via Giardino, 2 \u2013 Melegnano<\/em><\/p>\n<\/li>\n<\/ul>\n<hr class=\"\" data-start=\"1486\" data-end=\"1489\" \/>\n<h2 class=\"\" data-start=\"1491\" data-end=\"1543\">\u200dGINNASTICA ARTISTICA FEMMINILE \u2013 1\u00b0 CORSO<\/h2>\n<p class=\"\" data-start=\"1544\" data-end=\"1720\"><strong data-start=\"1544\" data-end=\"1552\">Et\u00e0:<\/strong> 5-8 anni<br \/>\n<strong data-start=\"1564\" data-end=\"1580\">Descrizione:<\/strong><br \/>\nAvviamento alla ginnastica artistica tramite giochi e percorsi motori. Introduzione agli attrezzi e agli elementi di base.<br \/>\n<strong data-start=\"1708\" data-end=\"1718\">Orari:<\/strong><\/p>\n<ul data-start=\"1721\" data-end=\"1820\">\n<li class=\"\" data-start=\"1721\" data-end=\"1820\">\n<p class=\"\" data-start=\"1723\" data-end=\"1820\">Luned\u00ec e Gioved\u00ec (monosettimanale \/ bisettimanale), 17:00\u201318:00<br \/>\n<em data-start=\"1755\" data-end=\"1820\">Palestra Istituto Vincenzo Benini \u2013 Via Giardino, 2 \u2013 Melegnano<\/em><\/p>\n<\/li>\n<\/ul>\n<hr class=\"\" data-start=\"1822\" data-end=\"1825\" \/>\n<h2 class=\"\" data-start=\"1827\" data-end=\"1879\">\u200dGINNASTICA ARTISTICA FEMMINILE \u2013 2\u00b0 CORSO<\/h2>\n<p class=\"\" data-start=\"1880\" data-end=\"2057\"><strong data-start=\"1880\" data-end=\"1888\">Et\u00e0:<\/strong> 9-16 anni<br \/>\n<strong data-start=\"1901\" data-end=\"1917\">Descrizione:<\/strong><br \/>\nApprofondimento tecnico degli elementi della ginnastica artistica femminile. Sviluppo di ritmo, espressivit\u00e0 e precisione.<br \/>\n<strong data-start=\"2045\" data-end=\"2055\">Orari:<\/strong><\/p>\n<ul data-start=\"2058\" data-end=\"2157\">\n<li class=\"\" data-start=\"2058\" data-end=\"2157\">\n<p class=\"\" data-start=\"2060\" data-end=\"2157\">Luned\u00ec e Gioved\u00ec (monosettimanale \/ bisettimanale), 18:00\u201319:00<br \/>\n<em data-start=\"2092\" data-end=\"2157\">Palestra Istituto Vincenzo Benini \u2013 Via Giardino, 2 \u2013 Melegnano<\/em><\/p>\n<\/li>\n<\/ul>\n<hr class=\"\" data-start=\"2159\" data-end=\"2162\" \/>\n<h2 class=\"\" data-start=\"2164\" data-end=\"2204\">\u200dGINNASTICA ARTISTICA MASCHILE<\/h2>\n<p class=\"\" data-start=\"2205\" data-end=\"2356\"><strong data-start=\"2205\" data-end=\"2213\">Et\u00e0:<\/strong> 5-12 anni<br \/>\n<strong data-start=\"2226\" data-end=\"2242\">Descrizione:<\/strong><br \/>\nPercorsi motori, giochi e apprendimento degli elementi base della ginnastica artistica maschile.<br \/>\n<strong data-start=\"2344\" data-end=\"2354\">Orari:<\/strong><\/p>\n<ul data-start=\"2357\" data-end=\"2456\">\n<li class=\"\" data-start=\"2357\" data-end=\"2456\">\n<p class=\"\" data-start=\"2359\" data-end=\"2456\">Luned\u00ec e Gioved\u00ec (monosettimanale \/ bisettimanale), 18:00\u201319:00<br \/>\n<em data-start=\"2391\" data-end=\"2456\">Palestra Istituto Vincenzo Benini \u2013 Via Giardino, 2 \u2013 Melegnano<\/em><\/p>\n<\/li>\n<\/ul>\n<hr class=\"\" data-start=\"2458\" data-end=\"2461\" \/>\n<h2 class=\"\" data-start=\"2463\" data-end=\"2492\">GINNASTICA PER ADULTI<\/h2>\n<p class=\"\" data-start=\"2493\" data-end=\"2712\"><strong data-start=\"2493\" data-end=\"2501\">Et\u00e0:<\/strong> Per adulti di tutte le et\u00e0<br \/>\n<strong data-start=\"2531\" data-end=\"2547\">Descrizione:<\/strong><br \/>\nAllenamento completo per mantenere tonicit\u00e0 muscolare e benessere fisico. Esercizi a corpo libero e con piccoli attrezzi. Adatto a tutti i livelli.<br \/>\n<strong data-start=\"2700\" data-end=\"2710\">Orari:<\/strong><\/p>\n<ul data-start=\"2713\" data-end=\"2855\">\n<li class=\"\" data-start=\"2713\" data-end=\"2855\">\n<p class=\"\" data-start=\"2715\" data-end=\"2733\">Luned\u00ec e Gioved\u00ec (monosettimanale \/ bisettimanale)<\/p>\n<ul data-start=\"2736\" data-end=\"2855\">\n<li class=\"\" data-start=\"2736\" data-end=\"2761\">\n<p class=\"\" data-start=\"2738\" data-end=\"2761\">1\u00b0 turno: 19:15\u201320:15<\/p>\n<\/li>\n<li class=\"\" data-start=\"2764\" data-end=\"2855\">\n<p class=\"\" data-start=\"2766\" data-end=\"2855\">2\u00b0 turno: 20:15\u201321:15<br \/>\n<em data-start=\"2790\" data-end=\"2855\">Palestra Istituto Vincenzo Benini \u2013 Via Giardino, 2 \u2013 Melegnano<\/em><\/p>\n<\/li>\n<\/ul>\n<\/li>\n<\/ul>\n<hr class=\"\" data-start=\"2857\" data-end=\"2860\" \/>\n<h2 class=\"\" data-start=\"2862\" data-end=\"2905\">DANZE AFRO CON PERCUSSIONI DAL VIVO<\/h2>\n<p class=\"\" data-start=\"2906\" data-end=\"3093\"><strong data-start=\"2906\" data-end=\"2914\">Et\u00e0:<\/strong> Per adulti<br \/>\n<strong data-start=\"2928\" data-end=\"2944\">Descrizione:<\/strong><br \/>\nDanza coinvolgente e liberatoria accompagnata da percussioni dal vivo. Un&#8217;esperienza espressiva e creativa a contatto con il ritmo.<br \/>\n<strong data-start=\"3081\" data-end=\"3091\">Orari:<\/strong><\/p>\n<ul data-start=\"3094\" data-end=\"3188\">\n<li class=\"\" data-start=\"3094\" data-end=\"3188\">\n<p class=\"\" data-start=\"3096\" data-end=\"3188\">Luned\u00ec, 20:00\u201321:30<br \/>\n<em data-start=\"3118\" data-end=\"3188\">Palestra Istituto Giuseppe Dezza \u2013 Via Luigi Cadorna, 25 \u2013 Melegnano<\/em><\/p>\n<\/li>\n<\/ul>\n<hr class=\"\" data-start=\"3190\" data-end=\"3193\" \/>\n<h2 class=\"\" data-start=\"3195\" data-end=\"3255\">CORSI SPECIALISTICI DI GINNASTICA ARTISTICA M\/F E RITMICA<\/h2>\n<p class=\"\" data-start=\"3256\" data-end=\"3450\"><strong data-start=\"3256\" data-end=\"3272\">Descrizione:<\/strong><br \/>\nPer ginnaste selezionate dai nostri corsi o provenienti da altre associazioni.<\/p>\n<p class=\"\" data-start=\"3256\" data-end=\"3450\">Partecipazione a gare della <strong data-start=\"3382\" data-end=\"3417\">Federazione Ginnastica Italiana<\/strong> e <strong data-start=\"3420\" data-end=\"3428\">CSEN.<\/strong><\/p>\n<p data-start=\"3256\" data-end=\"3450\">___<\/p>\n<h3 data-start=\"3256\" data-end=\"3450\">Tariffe e Planning settimanale disponibili nella sezione dedicata <a href=\"https:\/\/www.virtusetlabor.it\/index.php\/infocorsi\/tariffe-planning\/\" target=\"_blank\" rel=\"noopener\">QUI<\/a><\/h3>\n<h3 data-start=\"3256\" data-end=\"3450\">Per informazioni sulle iscrizioni, consulta la sezione <a href=\"https:\/\/www.virtusetlabor.it\/index.php\/infoiscrizioniegolee\/\" target=\"_blank\" rel=\"noopener\">Info Iscrizioni<\/a> o scrivi a <a class=\"cursor-pointer\" rel=\"noopener\" data-start=\"3687\" data-end=\"3740\">iscrizioni@virtusetlabor.it<\/a><\/h3>\n","protected":false},"excerpt":{"rendered":"<p>BABY GYM Et\u00e0: 3-4 anni Descrizione: Corso ludico-motorio per lo sviluppo delle abilit\u00e0 di base: corsa, salto, rotolamenti, equilibrio e coordinazione oculo-manuale. Attivit\u00e0 con attrezzi della ginnastica artistica (trave, trampolino, tappetini, ecc.). Importante la relazione con coetanei e adulti in&#8230;<br \/><a class=\"read-more-button\" href=\"https:\/\/www.virtusetlabor.it\/index.php\/infocorsi\/\">Leggi il seguito<\/a><\/p>\n","protected":false},"author":1,"featured_media":4021,"parent":0,"menu_order":0,"comment_status":"closed","ping_status":"closed","template":"","meta":{"footnotes":""},"class_list":["post-79","page","type-page","status-publish","has-post-thumbnail","hentry"],"jetpack_sharing_enabled":true,"jetpack-related-posts":[{"id":3806,"url":"https:\/\/www.virtusetlabor.it\/index.php\/galleria\/10-trofeo-marovelli-foto-online\/","url_meta":{"origin":79,"position":0},"title":"10&#8242; Trofeo Marovelli","author":"virtusadmin","date":"Maggio 9, 2025","format":false,"excerpt":"Grazie di cuore a tutte le nostre atlete e i nostri atleti che hanno partecipato con impegno e passione. Un ringraziamento speciale anche alle ginnaste delle societ\u00e0 ospiti: New Gym Project Sisters Gym Fanfulla 1874 Un applauso ai genitori che ci hanno supportato con l\u2019allestimento e con il loro tifo\u2026","rel":"","context":"Articolo simile","block_context":{"text":"Articolo simile","link":""},"img":{"alt_text":"","src":"https:\/\/i0.wp.com\/www.virtusetlabor.it\/wp-content\/uploads\/2025\/05\/IMG-20250509-WA0013-scaled.jpg?resize=350%2C200","width":350,"height":200,"srcset":"https:\/\/i0.wp.com\/www.virtusetlabor.it\/wp-content\/uploads\/2025\/05\/IMG-20250509-WA0013-scaled.jpg?resize=350%2C200 1x, https:\/\/i0.wp.com\/www.virtusetlabor.it\/wp-content\/uploads\/2025\/05\/IMG-20250509-WA0013-scaled.jpg?resize=525%2C300 1.5x, https:\/\/i0.wp.com\/www.virtusetlabor.it\/wp-content\/uploads\/2025\/05\/IMG-20250509-WA0013-scaled.jpg?resize=700%2C400 2x, https:\/\/i0.wp.com\/www.virtusetlabor.it\/wp-content\/uploads\/2025\/05\/IMG-20250509-WA0013-scaled.jpg?resize=1050%2C600 3x, https:\/\/i0.wp.com\/www.virtusetlabor.it\/wp-content\/uploads\/2025\/05\/IMG-20250509-WA0013-scaled.jpg?resize=1400%2C800 4x"},"classes":[]},{"id":3582,"url":"https:\/\/www.virtusetlabor.it\/index.php\/galleria\/festa-di-natale-2024-supereroi\/","url_meta":{"origin":79,"position":1},"title":"Festa di Natale 2024 &#8211; &#8220;Super eroi&#8221;","author":"virtusadmin","date":"Dicembre 28, 2024","format":false,"excerpt":"Festa di Natale 2024 \u201cSuper Eroi\u201d Grazie a tutti per aver partecipato alla nostra Festa di Natale! Un enorme ringraziamento a tutti gli atleti, gli allenatori, i genitori e gli organizzatori che hanno reso possibile questa giornata speciale. Vedere il vostro impegno, il vostro entusiasmo e la vostra passione \u00e8\u2026","rel":"","context":"Articolo simile","block_context":{"text":"Articolo simile","link":""},"img":{"alt_text":"","src":"https:\/\/i0.wp.com\/www.virtusetlabor.it\/wp-content\/uploads\/2024\/11\/Copia-di-Natale-Virtus-1-_final-scaled-e1732982820904.jpg?fit=400%2C566&ssl=1&resize=350%2C200","width":350,"height":200},"classes":[]},{"id":76,"url":"https:\/\/www.virtusetlabor.it\/index.php\/infoiscrizioniegolee\/","url_meta":{"origin":79,"position":2},"title":"Info Iscrizioni &#038; Golee","author":"virtusadmin","date":"Aprile 20, 2016","format":false,"excerpt":"Iscrizioni aperte A partire dal\u00a01\u00b0 settembre 2025\u00a0sono ufficialmente aperte le iscrizioni ai corsi della\u00a0A.S.D. Virtus et Labor\u00a0per il nuovo anno sportivo. Per agevolare i nostri Soci e le nuove famiglie, da quest\u2019anno sar\u00e0 possibile compilare ed inviare l\u2019iscrizione anche online tramite la piattaforma\u00a0Golee, sia per RINNOVI che per i NUOVI\u2026","rel":"","context":"Articolo simile","block_context":{"text":"Articolo simile","link":""},"img":{"alt_text":"Info iscrizioni 25\/26","src":"https:\/\/i0.wp.com\/www.virtusetlabor.it\/wp-content\/uploads\/2025\/09\/Iscrizioni-e1756720111308.jpg?resize=350%2C200&ssl=1","width":350,"height":200},"classes":[]},{"id":3123,"url":"https:\/\/www.virtusetlabor.it\/index.php\/contatti\/safeguarding-office\/","url_meta":{"origin":79,"position":3},"title":"Safeguarding Office","author":"virtusadmin","date":"Luglio 13, 2024","format":false,"excerpt":"Che cos'\u00e8 il Safeguarding Office? E'\u00a0nuovo organismo della federazione che si occupa di prevenire e contrastare ogni forma di abuso, violenza e discriminazione ai danni dei tesserati e delle tesserate federali. Il Safeguarding Office non \u00e8 un Organo di Giustizia, non \u00e8 un'articolazione della Procura Federale, non dipende dal Consiglio\u2026","rel":"","context":"Articolo simile","block_context":{"text":"Articolo simile","link":""},"img":{"alt_text":"","src":"https:\/\/i0.wp.com\/www.virtusetlabor.it\/wp-content\/uploads\/2024\/07\/SAFEGUARDING-FEDERAZIONE-scaled.jpg?resize=350%2C200&ssl=1","width":350,"height":200,"srcset":"https:\/\/i0.wp.com\/www.virtusetlabor.it\/wp-content\/uploads\/2024\/07\/SAFEGUARDING-FEDERAZIONE-scaled.jpg?resize=350%2C200&ssl=1 1x, https:\/\/i0.wp.com\/www.virtusetlabor.it\/wp-content\/uploads\/2024\/07\/SAFEGUARDING-FEDERAZIONE-scaled.jpg?resize=525%2C300&ssl=1 1.5x, https:\/\/i0.wp.com\/www.virtusetlabor.it\/wp-content\/uploads\/2024\/07\/SAFEGUARDING-FEDERAZIONE-scaled.jpg?resize=700%2C400&ssl=1 2x, https:\/\/i0.wp.com\/www.virtusetlabor.it\/wp-content\/uploads\/2024\/07\/SAFEGUARDING-FEDERAZIONE-scaled.jpg?resize=1050%2C600&ssl=1 3x, https:\/\/i0.wp.com\/www.virtusetlabor.it\/wp-content\/uploads\/2024\/07\/SAFEGUARDING-FEDERAZIONE-scaled.jpg?resize=1400%2C800&ssl=1 4x"},"classes":[]},{"id":8,"url":"https:\/\/www.virtusetlabor.it\/index.php\/storia\/","url_meta":{"origin":79,"position":4},"title":"Storia","author":"virtusadmin","date":"Aprile 14, 2016","format":false,"excerpt":"La \u201cVirtus et Labor\u201d nasce nel 1906 da un\u2019idea dell\u2019assistente all\u2019Oratorio don Giovanni Sala e dai melegnanesi Gaetano Massironi e Giovanni Del Corno, come sezione ginnastica dell\u2019Oratorio maschile S. Giuseppe di Melegnano. Sar\u00e0 con l\u2019arrivo di don Enrico Tavazza, melegnanese d\u2019origine e prezioso collaboratore, che la Societ\u00e0 verr\u00e0 dotata di\u2026","rel":"","context":"Articolo simile","block_context":{"text":"Articolo simile","link":""},"img":{"alt_text":"logo","src":"https:\/\/i0.wp.com\/www.virtusetlabor.it\/wp-content\/uploads\/2016\/04\/logo-1.png?resize=350%2C200","width":350,"height":200},"classes":[]}],"_links":{"self":[{"href":"https:\/\/www.virtusetlabor.it\/index.php\/wp-json\/wp\/v2\/pages\/79","targetHints":{"allow":["GET"]}}],"collection":[{"href":"https:\/\/www.virtusetlabor.it\/index.php\/wp-json\/wp\/v2\/pages"}],"about":[{"href":"https:\/\/www.virtusetlabor.it\/index.php\/wp-json\/wp\/v2\/types\/page"}],"author":[{"embeddable":true,"href":"https:\/\/www.virtusetlabor.it\/index.php\/wp-json\/wp\/v2\/users\/1"}],"replies":[{"embeddable":true,"href":"https:\/\/www.virtusetlabor.it\/index.php\/wp-json\/wp\/v2\/comments?post=79"}],"version-history":[{"count":91,"href":"https:\/\/www.virtusetlabor.it\/index.php\/wp-json\/wp\/v2\/pages\/79\/revisions"}],"predecessor-version":[{"id":4029,"href":"https:\/\/www.virtusetlabor.it\/index.php\/wp-json\/wp\/v2\/pages\/79\/revisions\/4029"}],"wp:featuredmedia":[{"embeddable":true,"href":"https:\/\/www.virtusetlabor.it\/index.php\/wp-json\/wp\/v2\/media\/4021"}],"wp:attachment":[{"href":"https:\/\/www.virtusetlabor.it\/index.php\/wp-json\/wp\/v2\/media?parent=79"}],"curies":[{"name":"wp","href":"https:\/\/api.w.org\/{rel}","templated":true}]}}